{"id":1302,"date":"2019-05-30T10:42:23","date_gmt":"2019-05-30T08:42:23","guid":{"rendered":"https:\/\/mensandbeauty.com\/tienda\/?post_type=product&#038;p=1302"},"modified":"2020-04-17T10:44:22","modified_gmt":"2020-04-17T08:44:22","slug":"aceite-barba-hombre-bleu-noir-shave-barbers-spa","status":"publish","type":"product","link":"https:\/\/mensandbeauty.com\/tienda\/aceite-barba-hombre-bleu-noir-shave-barbers-spa\/","title":{"rendered":"Aceite de Barba para Hombre \u00abBleu Noir\u00bb\u3010SHAVE Barbers &#038; Spa\u3011"},"content":{"rendered":"<h2>Aceite para Barba para Hombre \u00abBleu Noir\u00bb de SHAVE Barbers &amp; Spa<\/h2>\n<p>Las barbas bien cuidadas triunfan m\u00e1s, eso est\u00e1 claro. Pues si quieres triunfar ya sabes lo que tienes que hacer, cuidar tu barba. \u00bfC\u00f3mo? Muy f\u00e1cil, con este aceite para barba de SHAVE Barbers &amp; Spa lucir\u00e1s una barba limpia, suave, hidratada y con volumen. Creemos que no se le puede pedir nada m\u00e1s a una barba.<\/p>\n<h3>\u00bfC\u00f3mo se usa?<\/h3>\n<p>Para su uso, vale con aplicar una peque\u00f1a cantidad de aceite en la palma de la mano y extender desde la ra\u00edz del pelo hacia el resto de la barba y bigote. El objetivo principal es hidratar tanto el pelo como la piel.<\/p>\n<h3>\u00bfQu\u00e9 se siente cuando te lo aplicas?<\/h3>\n<p>Sobre todo, satisfacci\u00f3n. \u00bfA qui\u00e9n no le gusta mirarse al espejo y sentirse guapo y atractivo? Ver\u00e1s como aumenta tu autoestima con una barba digna de revista.<\/p>\n<h3>\u00bfPor qu\u00e9 comprarlo?<\/h3>\n<p>Porque llevar la barba alborotada y desali\u00f1ada ya pas\u00f3 de moda. Es momento de decir adi\u00f3s a la moda vikinga y ser un hombre del siglo XXI, con una barba bonita, suave y voluminosa.<\/p>\n<h3>Contenido<\/h3>\n<p>50 ml.<\/p>\n","protected":false},"excerpt":{"rendered":"<p>\u00bfTienes una barba poco est\u00e9tica? \u00bfSientes que podr\u00edas cuidarla un poco m\u00e1s? Esto pasa, te miras al espejo y sientes que no luces la barba que a ti te gustar\u00eda. Pero tranquilo, te va a dejar de pasar. Con este aceite para barba notar\u00e1s como tu barba coge brillo, se vuelve m\u00e1s suave y coge volumen aparentando una mayor densidad y cantidad de pelo. \u00bfSuena mejor? Adem\u00e1s, puedes usarla diariamente, lo que significa que vas a llevar tu barba a tu gusto todos los d\u00edas.<\/p>\n<p>\u2705 Una barba con m\u00e1s brillo.<\/p>\n<p>\u2705 Una textura m\u00e1s suave.<\/p>\n<p>\u2705 Una barba con m\u00e1s volumen.<\/p>\n","protected":false},"featured_media":1221,"comment_status":"open","ping_status":"closed","template":"","meta":[],"product_brand":[],"product_cat":[994],"product_tag":[996],"class_list":{"0":"post-1302","1":"product","2":"type-product","3":"status-publish","4":"has-post-thumbnail","6":"product_cat-aceite-barba","7":"product_tag-shave-barbers-spa-2","9":"first","10":"outofstock","11":"taxable","12":"shipping-taxable","13":"purchasable","14":"product-type-simple"},"jetpack_likes_enabled":true,"jetpack_sharing_enabled":true,"_links":{"self":[{"href":"https:\/\/mensandbeauty.com\/tienda\/wp-json\/wp\/v2\/product\/1302","targetHints":{"allow":["GET"]}}],"collection":[{"href":"https:\/\/mensandbeauty.com\/tienda\/wp-json\/wp\/v2\/product"}],"about":[{"href":"https:\/\/mensandbeauty.com\/tienda\/wp-json\/wp\/v2\/types\/product"}],"replies":[{"embeddable":true,"href":"https:\/\/mensandbeauty.com\/tienda\/wp-json\/wp\/v2\/comments?post=1302"}],"wp:featuredmedia":[{"embeddable":true,"href":"https:\/\/mensandbeauty.com\/tienda\/wp-json\/wp\/v2\/media\/1221"}],"wp:attachment":[{"href":"https:\/\/mensandbeauty.com\/tienda\/wp-json\/wp\/v2\/media?parent=1302"}],"wp:term":[{"taxonomy":"product_brand","embeddable":true,"href":"https:\/\/mensandbeauty.com\/tienda\/wp-json\/wp\/v2\/product_brand?post=1302"},{"taxonomy":"product_cat","embeddable":true,"href":"https:\/\/mensandbeauty.com\/tienda\/wp-json\/wp\/v2\/product_cat?post=1302"},{"taxonomy":"product_tag","embeddable":true,"href":"https:\/\/mensandbeauty.com\/tienda\/wp-json\/wp\/v2\/product_tag?post=1302"}],"curies":[{"name":"wp","href":"https:\/\/api.w.org\/{rel}","templated":true}]}}